{"id":136,"date":"2025-03-17T11:57:53","date_gmt":"2025-03-17T18:57:53","guid":{"rendered":"https:\/\/xn--cabaassancarlos-1qb.com\/ITG\/?page_id=136"},"modified":"2026-01-20T15:53:34","modified_gmt":"2026-01-20T22:53:34","slug":"cabanas-y-servicios","status":"publish","type":"page","link":"https:\/\/xn--cabaassancarlos-1qb.com\/ITG\/cabanas-y-servicios\/","title":{"rendered":"Caba\u00f1as y Servicios"},"content":{"rendered":"<p>[et_pb_section fb_built=\u00bb1&#8243; admin_label=\u00bbHeader\u00bb _builder_version=\u00bb4.27.4&#8243; _module_preset=\u00bbdefault\u00bb background_color=\u00bb#f2f2eb\u00bb custom_padding=\u00bb||0px||false|false\u00bb collapsed=\u00bbon\u00bb global_colors_info=\u00bb{}\u00bb][et_pb_row _builder_version=\u00bb4.17.6&#8243; _module_preset=\u00bbdefault\u00bb global_colors_info=\u00bb{}\u00bb][et_pb_column type=\u00bb4_4&#8243; _builder_version=\u00bb4.17.6&#8243; _module_preset=\u00bbdefault\u00bb global_colors_info=\u00bb{}\u00bb][et_pb_text _builder_version=\u00bb4.27.4&#8243; _module_preset=\u00bbc16985e1-e0d6-4022-964d-e2bfc04fa633&#8243; text_font_size=\u00bb24px\u00bb header_font=\u00bb|700|||||||\u00bb header_text_color=\u00bb#000000&#8243; header_font_size=\u00bb47px\u00bb header_letter_spacing=\u00bb0.05em\u00bb header_line_height=\u00bb1.2em\u00bb header_font_size_tablet=\u00bb40px\u00bb header_font_size_phone=\u00bb40px\u00bb header_font_size_last_edited=\u00bbon|desktop\u00bb global_colors_info=\u00bb{}\u00bb]<\/p>\n<h1>Nuestras Caba\u00f1as<\/h1>\n<p>[\/et_pb_text][et_pb_text _builder_version=\u00bb4.27.4&#8243; _module_preset=\u00bbdefault\u00bb text_font=\u00bb|300|||||||\u00bb text_font_size=\u00bb22px\u00bb global_colors_info=\u00bb{}\u00bb]<\/p>\n<p><span>En <\/span><strong data-start=\"249\" data-end=\"271\">Caba\u00f1as San Carlos<\/strong><span>, cada una de nuestras dos caba\u00f1as ha sido dise\u00f1ada para ofrecer comodidad, funcionalidad y un ambiente acogedor rodeado de naturaleza. <\/p>\n<p>Ambas cuentan con los mismos espacios y mobiliario, diferenci\u00e1ndose \u00fanicamente por la vista: la <\/span><strong data-start=\"503\" data-end=\"515\">Caba\u00f1a 1<\/strong><span> ofrece una vista verde natural, mientras que la <\/span><strong data-start=\"569\" data-end=\"581\">Caba\u00f1a 2<\/strong><span> brinda una espectacular vista a la ciudad.<\/span><\/p>\n<p>[\/et_pb_text][\/et_pb_column][\/et_pb_row][et_pb_row _builder_version=\u00bb4.27.4&#8243; _module_preset=\u00bbdefault\u00bb global_colors_info=\u00bb{}\u00bb][et_pb_column type=\u00bb4_4&#8243; _builder_version=\u00bb4.27.4&#8243; _module_preset=\u00bbdefault\u00bb global_colors_info=\u00bb{}\u00bb][et_pb_text _builder_version=\u00bb4.27.4&#8243; _module_preset=\u00bbb327cbe4-b1d5-4b66-ad37-40c8f2f061ba\u00bb text_font=\u00bb|600|||||||\u00bb text_text_color=\u00bb#000000&#8243; text_font_size=\u00bb34px\u00bb text_line_height=\u00bb1.8em\u00bb header_2_font=\u00bbManrope|700|||||||\u00bb header_2_text_color=\u00bb#000000&#8243; header_2_font_size=\u00bb48px\u00bb header_2_line_height=\u00bb1.2em\u00bb text_font_size_tablet=\u00bb34px\u00bb text_font_size_phone=\u00bb34px\u00bb text_font_size_last_edited=\u00bbon|phone\u00bb header_2_font_size_tablet=\u00bb32px\u00bb header_2_font_size_phone=\u00bb20px\u00bb header_2_font_size_last_edited=\u00bbon|desktop\u00bb global_colors_info=\u00bb{}\u00bb]<\/p>\n<p style=\"font-size: 34px;\">Conoce la caba\u00f1a 1<\/p>\n<p>[\/et_pb_text][et_pb_image src=\u00bbhttps:\/\/xn--cabaassancarlos-1qb.com\/ITG\/wp-content\/uploads\/2025\/03\/Foto_22_Croped.png\u00bb title_text=\u00bbFoto_22_Croped\u00bb _builder_version=\u00bb4.27.4&#8243; _module_preset=\u00bbdefault\u00bb width=\u00bb71.8%\u00bb custom_margin=\u00bb|-11vw|||false|false\u00bb custom_margin_tablet=\u00bb|0vw|||false|false\u00bb custom_margin_phone=\u00bb|0vw|||false|false\u00bb custom_margin_last_edited=\u00bbon|tablet\u00bb global_colors_info=\u00bb{}\u00bb][\/et_pb_image][et_pb_text _builder_version=\u00bb4.27.4&#8243; _module_preset=\u00bbb327cbe4-b1d5-4b66-ad37-40c8f2f061ba\u00bb text_font=\u00bb|700|||||||\u00bb text_text_color=\u00bb#000000&#8243; text_font_size=\u00bb35px\u00bb header_2_font=\u00bbManrope|700|||||||\u00bb header_2_text_color=\u00bb#000000&#8243; header_2_font_size=\u00bb48px\u00bb header_2_line_height=\u00bb1.2em\u00bb header_2_font_size_tablet=\u00bb32px\u00bb header_2_font_size_phone=\u00bb20px\u00bb header_2_font_size_last_edited=\u00bbon|desktop\u00bb global_colors_info=\u00bb{}\u00bb]<\/p>\n<p>Caba\u00f1a 1<\/p>\n<p>[\/et_pb_text][et_pb_text _builder_version=\u00bb4.27.4&#8243; _module_preset=\u00bb4c43b4b6-66bf-432d-959a-705bda24a650&#8243; text_font=\u00bbOpen Sans||||||||\u00bb text_text_color=\u00bb#666666&#8243; text_font_size=\u00bb20px\u00bb text_line_height=\u00bb1.8em\u00bb link_text_color=\u00bb#666666&#8243; width=\u00bb99.7%\u00bb module_alignment=\u00bbleft\u00bb header_font_size_tablet=\u00bb55px\u00bb header_font_size_last_edited=\u00bboff|desktop\u00bb global_colors_info=\u00bb{}\u00bb]Si lo que buscas es desconectarte, relajarte y disfrutar de un entorno natural con todas las comodidades, la Caba\u00f1a 1 es tu mejor opci\u00f3n. Su vista verde y la privacidad del espacio la convierten en el lugar ideal para una escapada rom\u00e1ntica, un descanso en familia o un fin de semana con amigos. Todo est\u00e1 listo para que solo llegues y disfrutes.[\/et_pb_text][et_pb_text _builder_version=\u00bb4.27.4&#8243; _module_preset=\u00bb1f09816e-184e-4ce5-a4cf-b39c52c423ca\u00bb text_font=\u00bbOpen Sans|600|||||||\u00bb text_text_color=\u00bb#666666&#8243; text_font_size=\u00bb22px\u00bb text_line_height=\u00bb1.8em\u00bb link_text_color=\u00bb#666666&#8243; custom_margin=\u00bb||0px||false|false\u00bb text_font_size_tablet=\u00bb15px\u00bb text_font_size_phone=\u00bb22px\u00bb text_font_size_last_edited=\u00bbon|phone\u00bb header_font_size_tablet=\u00bb55px\u00bb header_font_size_last_edited=\u00bboff|desktop\u00bb global_colors_info=\u00bb{}\u00bb]<\/p>\n<p>Amenidades incluidas:<\/p>\n<p>[\/et_pb_text][et_pb_text _builder_version=\u00bb4.27.4&#8243; _module_preset=\u00bb1f09816e-184e-4ce5-a4cf-b39c52c423ca\u00bb text_font=\u00bbOpen Sans||||||||\u00bb text_text_color=\u00bb#666666&#8243; text_font_size=\u00bb20px\u00bb text_line_height=\u00bb1.8em\u00bb link_text_color=\u00bb#666666&#8243; custom_margin=\u00bb||0px||false|false\u00bb text_font_size_tablet=\u00bb15px\u00bb text_font_size_phone=\u00bb20px\u00bb text_font_size_last_edited=\u00bbon|phone\u00bb header_font_size_tablet=\u00bb55px\u00bb header_font_size_last_edited=\u00bboff|desktop\u00bb global_colors_info=\u00bb{}\u00bb]<\/p>\n<ul>\n<li>Vista natural rodeada de \u00e1rboles y vegetaci\u00f3n<\/li>\n<li>1 rec\u00e1mara con cama king size en planta alta<\/li>\n<li>Sof\u00e1 cama matrimonial en planta baja<\/li>\n<li>Ba\u00f1o completo con agua caliente<\/li>\n<li>Toallas de ba\u00f1o<\/li>\n<li>Cocina equipada con utensilios b\u00e1sicos<\/li>\n<li>Frigobar, estufa y cafetera<\/li>\n<li>Juegos de mesa<\/li>\n<li>Cama de red de lectura<\/li>\n<li>Asador exterior privado<\/li>\n<li>Fogatero exclusivo<\/li>\n<li>Jard\u00edn con columpios<\/li>\n<li>Acceso a terraza com\u00fan con horno para pizza, asador y ba\u00f1os<\/li>\n<\/ul>\n<p>[\/et_pb_text][et_pb_text _builder_version=\u00bb4.27.4&#8243; _module_preset=\u00bb1f09816e-184e-4ce5-a4cf-b39c52c423ca\u00bb text_font=\u00bbOpen Sans||||||||\u00bb text_text_color=\u00bb#666666&#8243; text_font_size=\u00bb20px\u00bb text_line_height=\u00bb1.8em\u00bb link_text_color=\u00bb#666666&#8243; custom_margin=\u00bb14px||0px|0px|false|false\u00bb text_font_size_tablet=\u00bb15px\u00bb text_font_size_phone=\u00bb20px\u00bb text_font_size_last_edited=\u00bbon|phone\u00bb header_font_size_tablet=\u00bb55px\u00bb header_font_size_last_edited=\u00bboff|desktop\u00bb global_colors_info=\u00bb{}\u00bb]<\/p>\n<p>Precio por noche<\/p>\n<p>[\/et_pb_text][et_pb_text _builder_version=\u00bb4.27.4&#8243; _module_preset=\u00bbaaa7c440-590a-4078-ae0c-0f3c699ac51c\u00bb text_font=\u00bb|700|||||||\u00bb text_font_size=\u00bb20px\u00bb header_font=\u00bb||||||||\u00bb header_3_font=\u00bbManrope|700|||||||\u00bb header_3_text_color=\u00bb#000000&#8243; header_3_font_size=\u00bb25px\u00bb header_3_line_height=\u00bb1.4em\u00bb header_3_font_size_tablet=\u00bb20px\u00bb header_3_font_size_phone=\u00bb16px\u00bb header_3_font_size_last_edited=\u00bbon|phone\u00bb global_colors_info=\u00bb{}\u00bb]<\/p>\n<p>Desde $1,500 MXN<\/p>\n<p>[\/et_pb_text][et_pb_text _builder_version=\u00bb4.27.4&#8243; _module_preset=\u00bb1f09816e-184e-4ce5-a4cf-b39c52c423ca\u00bb text_font=\u00bbOpen Sans|600|||||||\u00bb text_text_color=\u00bb#666666&#8243; text_font_size=\u00bb22px\u00bb text_line_height=\u00bb1.8em\u00bb link_text_color=\u00bb#666666&#8243; custom_margin=\u00bb||0px||false|false\u00bb text_font_size_tablet=\u00bb15px\u00bb text_font_size_phone=\u00bb22px\u00bb text_font_size_last_edited=\u00bbon|phone\u00bb header_font_size_tablet=\u00bb55px\u00bb header_font_size_last_edited=\u00bboff|desktop\u00bb global_colors_info=\u00bb{}\u00bb]Galer\u00eda Caba\u00f1a 1[\/et_pb_text][et_pb_slider _builder_version=\u00bb4.27.4&#8243; _module_preset=\u00bbdefault\u00bb custom_margin=\u00bb||15px|||\u00bb custom_padding=\u00bb||756px|||\u00bb global_colors_info=\u00bb{}\u00bb][et_pb_slide _builder_version=\u00bb4.27.4&#8243; _module_preset=\u00bbdefault\u00bb background_image=\u00bbhttps:\/\/xn--cabaassancarlos-1qb.com\/ITG\/wp-content\/uploads\/2025\/04\/IMG_3375.jpg\u00bb background_enable_image=\u00bbon\u00bb global_colors_info=\u00bb{}\u00bb sticky_transition=\u00bbon\u00bb][\/et_pb_slide][et_pb_slide _builder_version=\u00bb4.27.4&#8243; _module_preset=\u00bbdefault\u00bb background_image=\u00bbhttps:\/\/xn--cabaassancarlos-1qb.com\/ITG\/wp-content\/uploads\/2025\/04\/IMG_9382.heic\u00bb background_enable_image=\u00bbon\u00bb background_size=\u00bbcontain\u00bb global_colors_info=\u00bb{}\u00bb sticky_transition=\u00bbon\u00bb][\/et_pb_slide][et_pb_slide _builder_version=\u00bb4.27.4&#8243; _module_preset=\u00bbdefault\u00bb background_image=\u00bbhttps:\/\/xn--cabaassancarlos-1qb.com\/ITG\/wp-content\/uploads\/2025\/04\/Cama_cabana1-scaled.jpg\u00bb background_enable_image=\u00bbon\u00bb global_colors_info=\u00bb{}\u00bb sticky_transition=\u00bbon\u00bb][\/et_pb_slide][et_pb_slide _builder_version=\u00bb4.27.4&#8243; _module_preset=\u00bbdefault\u00bb background_image=\u00bbhttps:\/\/xn--cabaassancarlos-1qb.com\/ITG\/wp-content\/uploads\/2025\/04\/Exterior_noche-scaled.jpg\u00bb background_enable_image=\u00bbon\u00bb global_colors_info=\u00bb{}\u00bb sticky_transition=\u00bbon\u00bb][\/et_pb_slide][et_pb_slide _builder_version=\u00bb4.27.4&#8243; _module_preset=\u00bbdefault\u00bb background_image=\u00bbhttps:\/\/xn--cabaassancarlos-1qb.com\/ITG\/wp-content\/uploads\/2025\/04\/Cabana1_exterior-2-scaled.jpg\u00bb background_enable_image=\u00bbon\u00bb global_colors_info=\u00bb{}\u00bb sticky_transition=\u00bbon\u00bb][\/et_pb_slide][\/et_pb_slider][et_pb_button button_url=\u00bbhttps:\/\/api.whatsapp.com\/message\/I2ARNI2M4NZ6P1?autoload=1&#038;app_absent=0&#8243; url_new_window=\u00bbon\u00bb button_text=\u00bbQuiero reservar la caba\u00f1a 1&#8243; button_alignment=\u00bbleft\u00bb _builder_version=\u00bb4.27.4&#8243; _module_preset=\u00bb31b4f027-aaa0-4f2f-ae02-959764e19e4f\u00bb custom_button=\u00bbon\u00bb button_text_size=\u00bb14px\u00bb button_text_color=\u00bb#FFFFFF\u00bb button_bg_color=\u00bb#a08b6e\u00bb button_border_width=\u00bb0px\u00bb button_border_radius=\u00bb0px\u00bb button_font=\u00bbInter|700||on|||||\u00bb custom_padding=\u00bb16px|24px|16px|24px|true|true\u00bb global_colors_info=\u00bb{}\u00bb][\/et_pb_button][et_pb_divider divider_weight=\u00bb2px\u00bb _builder_version=\u00bb4.27.4&#8243; _module_preset=\u00bbdefault\u00bb height=\u00bb0px\u00bb global_colors_info=\u00bb{}\u00bb][\/et_pb_divider][\/et_pb_column][\/et_pb_row][\/et_pb_section][et_pb_section fb_built=\u00bb1&#8243; admin_label=\u00bbHeader\u00bb _builder_version=\u00bb4.27.4&#8243; _module_preset=\u00bbdefault\u00bb background_color=\u00bb#f2f2eb\u00bb custom_padding=\u00bb0px||0px||false|false\u00bb collapsed=\u00bbon\u00bb global_colors_info=\u00bb{}\u00bb][et_pb_row _builder_version=\u00bb4.27.4&#8243; _module_preset=\u00bbdefault\u00bb global_colors_info=\u00bb{}\u00bb][et_pb_column type=\u00bb4_4&#8243; _builder_version=\u00bb4.27.4&#8243; _module_preset=\u00bbdefault\u00bb global_colors_info=\u00bb{}\u00bb][et_pb_text _builder_version=\u00bb4.27.4&#8243; _module_preset=\u00bbb327cbe4-b1d5-4b66-ad37-40c8f2f061ba\u00bb text_font=\u00bb|600|||||||\u00bb text_text_color=\u00bb#000000&#8243; text_font_size=\u00bb34px\u00bb text_line_height=\u00bb1.8em\u00bb header_2_font=\u00bbManrope|700|||||||\u00bb header_2_text_color=\u00bb#000000&#8243; header_2_font_size=\u00bb48px\u00bb header_2_line_height=\u00bb1.2em\u00bb text_font_size_tablet=\u00bb34px\u00bb text_font_size_phone=\u00bb34px\u00bb text_font_size_last_edited=\u00bbon|phone\u00bb header_2_font_size_tablet=\u00bb32px\u00bb header_2_font_size_phone=\u00bb20px\u00bb header_2_font_size_last_edited=\u00bbon|desktop\u00bb global_colors_info=\u00bb{}\u00bb]<\/p>\n<p style=\"font-size: 34px;\">Conoce la caba\u00f1a 2<\/p>\n<p>[\/et_pb_text][et_pb_image src=\u00bbhttps:\/\/xn--cabaassancarlos-1qb.com\/ITG\/wp-content\/uploads\/2025\/04\/IMG_1666-scaled.jpg\u00bb title_text=\u00bbIMG_1666&#8243; _builder_version=\u00bb4.27.4&#8243; _module_preset=\u00bbdefault\u00bb width=\u00bb71.8%\u00bb custom_margin=\u00bb|-11vw|||false|false\u00bb custom_margin_tablet=\u00bb|0vw|||false|false\u00bb custom_margin_phone=\u00bb|0vw|||false|false\u00bb custom_margin_last_edited=\u00bbon|tablet\u00bb global_colors_info=\u00bb{}\u00bb][\/et_pb_image][et_pb_text _builder_version=\u00bb4.27.4&#8243; _module_preset=\u00bbb327cbe4-b1d5-4b66-ad37-40c8f2f061ba\u00bb text_font=\u00bb|700|||||||\u00bb text_text_color=\u00bb#000000&#8243; text_font_size=\u00bb35px\u00bb header_2_font=\u00bbManrope|700|||||||\u00bb header_2_text_color=\u00bb#000000&#8243; header_2_font_size=\u00bb48px\u00bb header_2_line_height=\u00bb1.2em\u00bb custom_padding=\u00bb||16px|||\u00bb header_2_font_size_tablet=\u00bb32px\u00bb header_2_font_size_phone=\u00bb20px\u00bb header_2_font_size_last_edited=\u00bbon|desktop\u00bb global_colors_info=\u00bb{}\u00bb]<\/p>\n<p>Caba\u00f1a 2<\/p>\n<p>[\/et_pb_text][et_pb_text _builder_version=\u00bb4.27.4&#8243; _module_preset=\u00bb4c43b4b6-66bf-432d-959a-705bda24a650&#8243; text_font=\u00bbOpen Sans||||||||\u00bb text_text_color=\u00bb#666666&#8243; text_font_size=\u00bb20px\u00bb text_line_height=\u00bb1.8em\u00bb link_text_color=\u00bb#666666&#8243; width=\u00bb99.7%\u00bb module_alignment=\u00bbleft\u00bb header_font_size_tablet=\u00bb55px\u00bb header_font_size_last_edited=\u00bboff|desktop\u00bb global_colors_info=\u00bb{}\u00bb]<\/p>\n<p class=\"p1\">Vive una experiencia \u00fanica combinando confort, tranquilidad y una vista privilegiada a la ciudad desde las alturas. La Caba\u00f1a 2 es perfecta para quienes buscan un descanso con estilo, sin perder conexi\u00f3n con lo urbano. Ya sea de d\u00eda o de noche, la vista se convierte en el complemento perfecto para tu estancia.<\/p>\n<p>[\/et_pb_text][et_pb_text _builder_version=\u00bb4.27.4&#8243; _module_preset=\u00bb1f09816e-184e-4ce5-a4cf-b39c52c423ca\u00bb text_font=\u00bbOpen Sans|600|||||||\u00bb text_text_color=\u00bb#666666&#8243; text_font_size=\u00bb22px\u00bb text_line_height=\u00bb1.8em\u00bb link_text_color=\u00bb#666666&#8243; custom_margin=\u00bb||0px||false|false\u00bb text_font_size_tablet=\u00bb15px\u00bb text_font_size_phone=\u00bb22px\u00bb text_font_size_last_edited=\u00bbon|phone\u00bb header_font_size_tablet=\u00bb55px\u00bb header_font_size_last_edited=\u00bboff|desktop\u00bb global_colors_info=\u00bb{}\u00bb]<\/p>\n<p>Amenidades incluidas:<\/p>\n<p>[\/et_pb_text][et_pb_text _builder_version=\u00bb4.27.4&#8243; _module_preset=\u00bb1f09816e-184e-4ce5-a4cf-b39c52c423ca\u00bb text_font=\u00bbOpen Sans||||||||\u00bb text_text_color=\u00bb#666666&#8243; text_font_size=\u00bb20px\u00bb text_line_height=\u00bb1.8em\u00bb link_text_color=\u00bb#666666&#8243; custom_margin=\u00bb||0px||false|false\u00bb text_font_size_tablet=\u00bb15px\u00bb text_font_size_phone=\u00bb20px\u00bb text_font_size_last_edited=\u00bbon|phone\u00bb header_font_size_tablet=\u00bb55px\u00bb header_font_size_last_edited=\u00bboff|desktop\u00bb global_colors_info=\u00bb{}\u00bb]<\/p>\n<ul>\n<li>Vista natural rodeada de \u00e1rboles y vegetaci\u00f3n<\/li>\n<li>1 rec\u00e1mara con cama king size en planta alta<\/li>\n<li>Sof\u00e1 cama matrimonial en planta baja<\/li>\n<li>Ba\u00f1o completo con agua caliente<\/li>\n<li>Toallas de ba\u00f1o<\/li>\n<li>Cocina equipada con utensilios b\u00e1sicos<\/li>\n<li>Frigobar, estufa y cafetera<\/li>\n<li>Juegos de mesa<\/li>\n<li>Cama de red de lectura<\/li>\n<li>Asador exterior privado<\/li>\n<li>Fogatero exclusivo<\/li>\n<li>Jard\u00edn con columpios<\/li>\n<li>Acceso a terraza com\u00fan con horno para pizza, asador y ba\u00f1os<\/li>\n<\/ul>\n<p>[\/et_pb_text][et_pb_text _builder_version=\u00bb4.27.4&#8243; _module_preset=\u00bb1f09816e-184e-4ce5-a4cf-b39c52c423ca\u00bb text_font=\u00bbOpen Sans||||||||\u00bb text_text_color=\u00bb#666666&#8243; text_font_size=\u00bb20px\u00bb text_line_height=\u00bb1.8em\u00bb link_text_color=\u00bb#666666&#8243; custom_margin=\u00bb14px||0px|0px|false|false\u00bb text_font_size_tablet=\u00bb15px\u00bb text_font_size_phone=\u00bb20px\u00bb text_font_size_last_edited=\u00bbon|phone\u00bb header_font_size_tablet=\u00bb55px\u00bb header_font_size_last_edited=\u00bboff|desktop\u00bb global_colors_info=\u00bb{}\u00bb]<\/p>\n<p>Precio por noche<\/p>\n<p>[\/et_pb_text][et_pb_text _builder_version=\u00bb4.27.4&#8243; _module_preset=\u00bbaaa7c440-590a-4078-ae0c-0f3c699ac51c\u00bb text_font=\u00bb|700|||||||\u00bb text_font_size=\u00bb20px\u00bb header_font=\u00bb||||||||\u00bb header_3_font=\u00bbManrope|700|||||||\u00bb header_3_text_color=\u00bb#000000&#8243; header_3_font_size=\u00bb25px\u00bb header_3_line_height=\u00bb1.4em\u00bb header_3_font_size_tablet=\u00bb20px\u00bb header_3_font_size_phone=\u00bb16px\u00bb header_3_font_size_last_edited=\u00bbon|phone\u00bb global_colors_info=\u00bb{}\u00bb]<\/p>\n<p>Desde $1,500 MXN<\/p>\n<p>[\/et_pb_text][et_pb_text _builder_version=\u00bb4.27.4&#8243; _module_preset=\u00bb1f09816e-184e-4ce5-a4cf-b39c52c423ca\u00bb text_font=\u00bbOpen Sans|600|||||||\u00bb text_text_color=\u00bb#666666&#8243; text_font_size=\u00bb22px\u00bb text_line_height=\u00bb1.8em\u00bb link_text_color=\u00bb#666666&#8243; custom_margin=\u00bb||0px||false|false\u00bb text_font_size_tablet=\u00bb15px\u00bb text_font_size_phone=\u00bb22px\u00bb text_font_size_last_edited=\u00bbon|phone\u00bb header_font_size_tablet=\u00bb55px\u00bb header_font_size_last_edited=\u00bboff|desktop\u00bb global_colors_info=\u00bb{}\u00bb]<\/p>\n<p>Galer\u00eda Caba\u00f1a 2<\/p>\n<p>[\/et_pb_text][et_pb_slider _builder_version=\u00bb4.27.4&#8243; _module_preset=\u00bbdefault\u00bb custom_margin=\u00bb||15px|||\u00bb custom_padding=\u00bb||756px|||\u00bb global_colors_info=\u00bb{}\u00bb][et_pb_slide _builder_version=\u00bb4.27.4&#8243; _module_preset=\u00bbdefault\u00bb background_image=\u00bbhttps:\/\/xn--cabaassancarlos-1qb.com\/ITG\/wp-content\/uploads\/2025\/04\/IMG_1650-scaled.jpg\u00bb background_enable_image=\u00bbon\u00bb global_colors_info=\u00bb{}\u00bb sticky_transition=\u00bbon\u00bb][\/et_pb_slide][et_pb_slide _builder_version=\u00bb4.27.4&#8243; _module_preset=\u00bbdefault\u00bb background_image=\u00bbhttps:\/\/xn--cabaassancarlos-1qb.com\/ITG\/wp-content\/uploads\/2025\/04\/IMG_1670-scaled.jpg\u00bb background_enable_image=\u00bbon\u00bb global_colors_info=\u00bb{}\u00bb sticky_transition=\u00bbon\u00bb][\/et_pb_slide][et_pb_slide _builder_version=\u00bb4.27.4&#8243; _module_preset=\u00bbdefault\u00bb background_image=\u00bbhttps:\/\/xn--cabaassancarlos-1qb.com\/ITG\/wp-content\/uploads\/2025\/04\/IMG_1654-scaled.jpg\u00bb background_enable_image=\u00bbon\u00bb global_colors_info=\u00bb{}\u00bb sticky_transition=\u00bbon\u00bb][\/et_pb_slide][et_pb_slide _builder_version=\u00bb4.27.4&#8243; _module_preset=\u00bbdefault\u00bb background_image=\u00bbhttps:\/\/xn--cabaassancarlos-1qb.com\/ITG\/wp-content\/uploads\/2025\/04\/IMG_1651-scaled.jpg\u00bb background_enable_image=\u00bbon\u00bb global_colors_info=\u00bb{}\u00bb sticky_transition=\u00bbon\u00bb][\/et_pb_slide][et_pb_slide _builder_version=\u00bb4.27.4&#8243; _module_preset=\u00bbdefault\u00bb background_image=\u00bbhttps:\/\/xn--cabaassancarlos-1qb.com\/ITG\/wp-content\/uploads\/2025\/04\/IMG_1660-scaled.jpg\u00bb background_enable_image=\u00bbon\u00bb global_colors_info=\u00bb{}\u00bb sticky_transition=\u00bbon\u00bb][\/et_pb_slide][\/et_pb_slider][et_pb_button button_url=\u00bbhttps:\/\/api.whatsapp.com\/message\/I2ARNI2M4NZ6P1?autoload=1&#038;app_absent=0&#8243; url_new_window=\u00bbon\u00bb button_text=\u00bbQuiero reservar la caba\u00f1a 2&#8243; button_alignment=\u00bbleft\u00bb _builder_version=\u00bb4.27.4&#8243; _module_preset=\u00bb31b4f027-aaa0-4f2f-ae02-959764e19e4f\u00bb custom_button=\u00bbon\u00bb button_text_size=\u00bb14px\u00bb button_text_color=\u00bb#FFFFFF\u00bb button_bg_color=\u00bb#a08b6e\u00bb button_border_width=\u00bb0px\u00bb button_border_radius=\u00bb0px\u00bb button_font=\u00bbInter|700||on|||||\u00bb custom_padding=\u00bb16px|24px|16px|24px|true|true\u00bb global_colors_info=\u00bb{}\u00bb][\/et_pb_button][\/et_pb_column][\/et_pb_row][\/et_pb_section][et_pb_section fb_built=\u00bb1&#8243; _builder_version=\u00bb4.27.4&#8243; _module_preset=\u00bbdefault\u00bb custom_padding=\u00bb||0px|||\u00bb global_colors_info=\u00bb{}\u00bb][et_pb_row _builder_version=\u00bb4.27.4&#8243; _module_preset=\u00bbdefault\u00bb global_colors_info=\u00bb{}\u00bb][et_pb_column type=\u00bb4_4&#8243; _builder_version=\u00bb4.27.4&#8243; _module_preset=\u00bbdefault\u00bb global_colors_info=\u00bb{}\u00bb][et_pb_heading title=\u00bbNuestros Servicios\u00bb _builder_version=\u00bb4.27.4&#8243; _module_preset=\u00bbdefault\u00bb title_font=\u00bb&#8211;et_global_body_font||||||||\u00bb title_text_align=\u00bbcenter\u00bb title_font_size=\u00bb44px\u00bb global_colors_info=\u00bb{}\u00bb][\/et_pb_heading][\/et_pb_column][\/et_pb_row][\/et_pb_section][et_pb_section fb_built=\u00bb1&#8243; admin_label=\u00bbTerrazaSantaElena\u00bb _builder_version=\u00bb4.27.4&#8243; _module_preset=\u00bbdefault\u00bb background_color=\u00bb#d9cfa0&#8243; global_colors_info=\u00bb{}\u00bb][et_pb_row module_id=\u00bbterraza\u00bb _builder_version=\u00bb4.27.4&#8243; _module_preset=\u00bbdefault\u00bb global_colors_info=\u00bb{}\u00bb][et_pb_column type=\u00bb4_4&#8243; _builder_version=\u00bb4.27.4&#8243; _module_preset=\u00bbdefault\u00bb global_colors_info=\u00bb{}\u00bb][et_pb_heading title=\u00bbRestaurante Terraza Santa Elena\u00bb _builder_version=\u00bb4.27.4&#8243; _module_preset=\u00bbdefault\u00bb title_font=\u00bb&#8211;et_global_body_font||||||||\u00bb title_text_color=\u00bb#424242&#8243; title_font_size=\u00bb44px\u00bb global_colors_info=\u00bb{}\u00bb][\/et_pb_heading][\/et_pb_column][\/et_pb_row][et_pb_row column_structure=\u00bb1_2,1_2&#8243; _builder_version=\u00bb4.27.4&#8243; _module_preset=\u00bbdefault\u00bb global_colors_info=\u00bb{}\u00bb][et_pb_column type=\u00bb1_2&#8243; _builder_version=\u00bb4.27.4&#8243; _module_preset=\u00bbdefault\u00bb global_colors_info=\u00bb{}\u00bb][et_pb_image src=\u00bbhttps:\/\/xn--cabaassancarlos-1qb.com\/ITG\/wp-content\/uploads\/2025\/04\/2.jpg\u00bb title_text=\u00bb2&#8243; url=\u00bbhttps:\/\/xn--cabaassancarlos-1qb.com\/ITG\/wp-content\/uploads\/2025\/04\/Menu-Terraza-Santa-Elena-Cabanas-San-Carlos.pdf\u00bb url_new_window=\u00bbon\u00bb _builder_version=\u00bb4.27.4&#8243; _module_preset=\u00bbdefault\u00bb global_colors_info=\u00bb{}\u00bb][\/et_pb_image][\/et_pb_column][et_pb_column type=\u00bb1_2&#8243; _builder_version=\u00bb4.27.4&#8243; _module_preset=\u00bbdefault\u00bb global_colors_info=\u00bb{}\u00bb][et_pb_text _builder_version=\u00bb4.27.4&#8243; _module_preset=\u00bbdefault\u00bb text_text_color=\u00bb#333333&#8243; text_font_size=\u00bb22px\u00bb hover_enabled=\u00bb0&#8243; global_colors_info=\u00bb{}\u00bb sticky_enabled=\u00bb0&#8243;]<\/p>\n<p class=\"p1\">Disfruta de un desayuno con vista inigualable en nuestro restaurante <span class=\"s1\"><b>Terraza Santa Elena<\/b><\/span>, ubicado dentro de las instalaciones de las Caba\u00f1as San Carlos.<\/p>\n<p class=\"p1\">Ofrecemos un ambiente natural y acogedor, ideal para comenzar el d\u00eda rodeado de tranquilidad.<\/p>\n<p class=\"p1\">\n<p class=\"p1\"><b>Horarios de servicio:<\/b><b><\/b><\/p>\n<p class=\"p2\">Martes a domingo, de 8:30 a 11:30 a.m.<\/p>\n<p class=\"p3\">\n<p class=\"p1\"><b>Especialidades:<\/b><b><\/b><\/p>\n<p class=\"p4\"><span class=\"s1\"><\/span><\/p>\n<ul>\n<li>\n<p class=\"p1\">Desayunos tradicionales mexicanos<\/p>\n<\/li>\n<li>\n<p class=\"p1\">Caf\u00e9 de olla y bebidas calientes<\/p>\n<\/li>\n<li>\n<p class=\"p1\">Los fines de semana, deliciosa barbacoa estilo Chihuahua<\/p>\n<\/li>\n<\/ul>\n<p class=\"p3\">\n<p class=\"p2\">Nuestra terraza cuenta con espacios al aire libre, vista panor\u00e1mica a la ciudad y al bosque, y atenci\u00f3n personalizada. Ya sea que te hospedes con nosotros o simplemente vengas a desayunar, te esperamos para brindarte una experiencia aut\u00e9ntica y sabrosa.<\/p>\n<p>[\/et_pb_text][\/et_pb_column][\/et_pb_row][\/et_pb_section][et_pb_section fb_built=\u00bb1&#8243; fullwidth=\u00bbon\u00bb _builder_version=\u00bb4.27.4&#8243; _module_preset=\u00bbdefault\u00bb global_colors_info=\u00bb{}\u00bb][et_pb_fullwidth_image src=\u00bbhttps:\/\/xn--cabaassancarlos-1qb.com\/ITG\/wp-content\/uploads\/2025\/05\/WhatsApp-Image-2025-05-01-at-08.32.28-1.jpeg\u00bb title_text=\u00bbWhatsApp Image 2025-05-01 at 08.32.28 (1)\u00bb _builder_version=\u00bb4.27.4&#8243; _module_preset=\u00bbdefault\u00bb global_colors_info=\u00bb{}\u00bb][\/et_pb_fullwidth_image][\/et_pb_section][et_pb_section fb_built=\u00bb1&#8243; _builder_version=\u00bb4.27.4&#8243; _module_preset=\u00bbdefault\u00bb background_color=\u00bb#d9cfa0&#8243; custom_padding=\u00bb26px|||||\u00bb global_colors_info=\u00bb{}\u00bb][et_pb_row _builder_version=\u00bb4.27.4&#8243; _module_preset=\u00bbdefault\u00bb custom_padding=\u00bb0px|||||\u00bb global_colors_info=\u00bb{}\u00bb][et_pb_column type=\u00bb4_4&#8243; _builder_version=\u00bb4.27.4&#8243; _module_preset=\u00bbdefault\u00bb global_colors_info=\u00bb{}\u00bb][et_pb_heading title=\u00bbGaleria Terraza Santa Elena\u00bb _builder_version=\u00bb4.27.4&#8243; _module_preset=\u00bbdefault\u00bb title_font=\u00bb&#8211;et_global_body_font||||||||\u00bb title_text_align=\u00bbcenter\u00bb title_text_color=\u00bb#424242&#8243; title_font_size=\u00bb33px\u00bb custom_padding=\u00bb||0px|||\u00bb global_colors_info=\u00bb{}\u00bb][\/et_pb_heading][\/et_pb_column][\/et_pb_row][et_pb_row _builder_version=\u00bb4.27.4&#8243; _module_preset=\u00bbdefault\u00bb custom_padding=\u00bb0px|||||\u00bb global_colors_info=\u00bb{}\u00bb][et_pb_column type=\u00bb4_4&#8243; _builder_version=\u00bb4.27.4&#8243; _module_preset=\u00bbdefault\u00bb global_colors_info=\u00bb{}\u00bb][et_pb_slider _builder_version=\u00bb4.27.4&#8243; _module_preset=\u00bbdefault\u00bb height=\u00bb629px\u00bb global_colors_info=\u00bb{}\u00bb][et_pb_slide _builder_version=\u00bb4.27.4&#8243; _module_preset=\u00bbdefault\u00bb background_image=\u00bbhttps:\/\/xn--cabaassancarlos-1qb.com\/ITG\/wp-content\/uploads\/2025\/04\/4.jpeg\u00bb background_enable_image=\u00bbon\u00bb global_colors_info=\u00bb{}\u00bb sticky_transition=\u00bbon\u00bb][\/et_pb_slide][et_pb_slide _builder_version=\u00bb4.27.4&#8243; _module_preset=\u00bbdefault\u00bb background_image=\u00bbhttps:\/\/xn--cabaassancarlos-1qb.com\/ITG\/wp-content\/uploads\/2025\/04\/41af4db3-a80c-44e6-b4e0-3cbab02857c3.jpg\u00bb background_enable_image=\u00bbon\u00bb global_colors_info=\u00bb{}\u00bb sticky_transition=\u00bbon\u00bb][\/et_pb_slide][et_pb_slide _builder_version=\u00bb4.27.4&#8243; _module_preset=\u00bbdefault\u00bb background_image=\u00bbhttps:\/\/xn--cabaassancarlos-1qb.com\/ITG\/wp-content\/uploads\/2025\/03\/Foto_88-scaled.webp\u00bb background_enable_image=\u00bbon\u00bb global_colors_info=\u00bb{}\u00bb sticky_transition=\u00bbon\u00bb][\/et_pb_slide][et_pb_slide _builder_version=\u00bb4.27.4&#8243; _module_preset=\u00bbdefault\u00bb background_image=\u00bbhttps:\/\/xn--cabaassancarlos-1qb.com\/ITG\/wp-content\/uploads\/2025\/04\/1.jpeg\u00bb background_enable_image=\u00bbon\u00bb global_colors_info=\u00bb{}\u00bb sticky_transition=\u00bbon\u00bb][\/et_pb_slide][et_pb_slide _builder_version=\u00bb4.27.4&#8243; _module_preset=\u00bbdefault\u00bb background_image=\u00bbhttps:\/\/xn--cabaassancarlos-1qb.com\/ITG\/wp-content\/uploads\/2025\/05\/WhatsApp-Image-2025-05-03-at-09.21.49.jpeg\u00bb background_enable_image=\u00bbon\u00bb global_colors_info=\u00bb{}\u00bb sticky_transition=\u00bbon\u00bb][\/et_pb_slide][\/et_pb_slider][\/et_pb_column][\/et_pb_row][\/et_pb_section][et_pb_section fb_built=\u00bb1&#8243; admin_label=\u00bbTerrazaSantaElena\u00bb _builder_version=\u00bb4.27.4&#8243; _module_preset=\u00bbdefault\u00bb hover_enabled=\u00bb0&#8243; global_colors_info=\u00bb{}\u00bb background_enable_color=\u00bboff\u00bb sticky_enabled=\u00bb0&#8243;][et_pb_row module_id=\u00bbterraza\u00bb _builder_version=\u00bb4.27.4&#8243; _module_preset=\u00bbdefault\u00bb global_colors_info=\u00bb{}\u00bb][et_pb_column type=\u00bb4_4&#8243; _builder_version=\u00bb4.27.4&#8243; _module_preset=\u00bbdefault\u00bb global_colors_info=\u00bb{}\u00bb][et_pb_heading title=\u00bbRestaurante Mo Barbacow\u00bb _builder_version=\u00bb4.27.4&#8243; _module_preset=\u00bbdefault\u00bb title_font=\u00bb&#8211;et_global_body_font||||||||\u00bb title_text_color=\u00bb#424242&#8243; title_font_size=\u00bb44px\u00bb hover_enabled=\u00bb0&#8243; global_colors_info=\u00bb{}\u00bb sticky_enabled=\u00bb0&#8243; title_text_align=\u00bbright\u00bb][\/et_pb_heading][\/et_pb_column][\/et_pb_row][et_pb_row column_structure=\u00bb1_2,1_2&#8243; _builder_version=\u00bb4.27.4&#8243; _module_preset=\u00bbdefault\u00bb global_colors_info=\u00bb{}\u00bb][et_pb_column type=\u00bb1_2&#8243; _builder_version=\u00bb4.27.4&#8243; _module_preset=\u00bbdefault\u00bb global_colors_info=\u00bb{}\u00bb][et_pb_text _builder_version=\u00bb4.27.4&#8243; _module_preset=\u00bbdefault\u00bb text_text_color=\u00bb#333333&#8243; text_font_size=\u00bb22px\u00bb hover_enabled=\u00bb0&#8243; global_colors_info=\u00bb{}\u00bb sticky_enabled=\u00bb0&#8243;]<\/p>\n<p data-start=\"162\" data-end=\"469\">Disfruta de un desayuno lleno de sabor en <strong data-start=\"204\" data-end=\"219\">Mo Barbacow<\/strong>, ubicado a minutos de las instalaciones de <strong data-start=\"260\" data-end=\"282\">Caba\u00f1as San Carlos<\/strong>, donde la tradici\u00f3n y el ambiente natural se combinan para ofrecerte una experiencia \u00fanica. Nuestro espacio es ideal para comenzar el d\u00eda con calma, rodeado de naturaleza y buena comida.<\/p>\n<p data-start=\"471\" data-end=\"584\"><strong data-start=\"471\" data-end=\"496\">Horarios de servicio:<\/strong><br data-start=\"496\" data-end=\"499\" \/>Desayunos de lunes a domingo, de <strong data-start=\"532\" data-end=\"557\">8:00 a.m. a 1:00 p.m.<\/strong><\/p>\n<p data-start=\"471\" data-end=\"584\">Comidas y cenas de jueves a domingo, de<br \/><strong data-start=\"532\" data-end=\"557\">2:00 p.m. a 10:00 p.m.<\/p>\n<p><em>(Descansamos los martes)<\/em><\/strong><\/p>\n<p data-start=\"586\" data-end=\"778\"><strong data-start=\"586\" data-end=\"605\">Especialidades:<\/strong><\/p>\n<ul>\n<li data-start=\"586\" data-end=\"778\">Deliciosa barbacoa estilo Chihuahua<\/li>\n<li data-start=\"586\" data-end=\"778\">Desayunos tradicionales<\/li>\n<li data-start=\"586\" data-end=\"778\">Antojitos mexicanos<\/li>\n<li data-start=\"586\" data-end=\"778\">Huevos, omelettes, chilaquiles y machaca<\/li>\n<li data-start=\"586\" data-end=\"778\">Caf\u00e9 de olla, jugos naturales y bebidas calientes<\/li>\n<\/ul>\n<p data-start=\"780\" data-end=\"1163\">Ya sea que te hospedes con nosotros o nos visites especialmente para comer, en Mo Barbacow te esperamos con atenci\u00f3n c\u00e1lida, sabores aut\u00e9nticos y un entorno acogedor que invita a regresar. <span class=\"\" data-state=\"delayed-open\" aria-describedby=\"radix-_r_5f_\"><span class=\"relative inline-flex items-center\" aria-describedby=\"radix-_r_5f_\"><button class=\"ms-1 flex h-[25px] text-[10px] leading-[13px] rounded-xl corner-superellipse\/1.1 items-center justify-center gap-1 px-2 relative text-token-text-secondary! hover:text-token-text-primary! hover:bg-token-bg-secondary dark:bg-token-main-surface-secondary dark:hover:bg-token-bg-secondary bg-[#f4f4f4] \"><svg xmlns=\"http:\/\/www.w3.org\/2000\/svg\" width=\"20\" height=\"20\" aria-hidden=\"true\" class=\"h-[16px] w-[16px] object-contain text-token-text-primary! flex-none icon-sm\"><use href=\"\/cdn\/assets\/sprites-core-k5zux585.svg#554074\" fill=\"currentColor\"><\/use><\/svg><\/button><\/span><\/span><\/p>\n<p>[\/et_pb_text][\/et_pb_column][et_pb_column type=\u00bb1_2&#8243; _builder_version=\u00bb4.27.4&#8243; _module_preset=\u00bbdefault\u00bb global_colors_info=\u00bb{}\u00bb][et_pb_image src=\u00bbhttps:\/\/xn--cabaassancarlos-1qb.com\/ITG\/wp-content\/uploads\/2026\/01\/Portada_Menu_Mo_Barbacow.png\u00bb title_text=\u00bbPortada_Menu_Mo_Barbacow\u00bb url=\u00bbhttps:\/\/xn--cabaassancarlos-1qb.com\/ITG\/wp-content\/uploads\/2025\/12\/Menu_Mo_Barbacow_compressed.pdf\u00bb url_new_window=\u00bbon\u00bb _builder_version=\u00bb4.27.4&#8243; _module_preset=\u00bbdefault\u00bb hover_enabled=\u00bb0&#8243; global_colors_info=\u00bb{}\u00bb sticky_enabled=\u00bb0&#8243;][\/et_pb_image][\/et_pb_column][\/et_pb_row][\/et_pb_section][et_pb_section fb_built=\u00bb1&#8243; _builder_version=\u00bb4.27.4&#8243; _module_preset=\u00bbdefault\u00bb custom_padding=\u00bb26px|||||\u00bb hover_enabled=\u00bb0&#8243; global_colors_info=\u00bb{}\u00bb background_enable_color=\u00bboff\u00bb sticky_enabled=\u00bb0&#8243;][et_pb_row _builder_version=\u00bb4.27.4&#8243; _module_preset=\u00bbdefault\u00bb custom_padding=\u00bb0px|||||\u00bb global_colors_info=\u00bb{}\u00bb][et_pb_column type=\u00bb4_4&#8243; _builder_version=\u00bb4.27.4&#8243; _module_preset=\u00bbdefault\u00bb global_colors_info=\u00bb{}\u00bb][et_pb_heading title=\u00bbGaleria Mo Barbacow\u00bb _builder_version=\u00bb4.27.4&#8243; _module_preset=\u00bbdefault\u00bb title_font=\u00bb&#8211;et_global_body_font||||||||\u00bb title_text_align=\u00bbcenter\u00bb title_text_color=\u00bb#424242&#8243; title_font_size=\u00bb33px\u00bb custom_padding=\u00bb||0px|||\u00bb hover_enabled=\u00bb0&#8243; global_colors_info=\u00bb{}\u00bb sticky_enabled=\u00bb0&#8243;][\/et_pb_heading][\/et_pb_column][\/et_pb_row][et_pb_row _builder_version=\u00bb4.27.4&#8243; _module_preset=\u00bbdefault\u00bb custom_padding=\u00bb0px|||||\u00bb hover_enabled=\u00bb0&#8243; global_colors_info=\u00bb{}\u00bb sticky_enabled=\u00bb0&#8243;][et_pb_column type=\u00bb4_4&#8243; _builder_version=\u00bb4.27.4&#8243; _module_preset=\u00bbdefault\u00bb global_colors_info=\u00bb{}\u00bb][et_pb_slider _builder_version=\u00bb4.27.4&#8243; _module_preset=\u00bbdefault\u00bb height=\u00bb629px\u00bb hover_enabled=\u00bb0&#8243; global_colors_info=\u00bb{}\u00bb locked=\u00bboff\u00bb sticky_enabled=\u00bb0&#8243;][et_pb_slide _builder_version=\u00bb4.27.4&#8243; _module_preset=\u00bbdefault\u00bb background_image=\u00bbhttps:\/\/xn--cabaassancarlos-1qb.com\/ITG\/wp-content\/uploads\/2026\/01\/mo_barbacow_platillo5.webp\u00bb background_enable_image=\u00bbon\u00bb hover_enabled=\u00bb0&#8243; global_colors_info=\u00bb{}\u00bb sticky_transition=\u00bbon\u00bb locked=\u00bboff\u00bb title_text=\u00bbmo_barbacow_platillo5&#8243; sticky_enabled=\u00bb0&#8243; background_color=\u00bbRGBA(255,255,255,0)\u00bb background_enable_color=\u00bbon\u00bb][\/et_pb_slide][et_pb_slide _builder_version=\u00bb4.27.4&#8243; _module_preset=\u00bbdefault\u00bb background_image=\u00bbhttps:\/\/xn--cabaassancarlos-1qb.com\/ITG\/wp-content\/uploads\/2026\/01\/mo_barbacow_platillo1.webp\u00bb background_enable_image=\u00bbon\u00bb hover_enabled=\u00bb0&#8243; global_colors_info=\u00bb{}\u00bb sticky_transition=\u00bbon\u00bb locked=\u00bboff\u00bb title_text=\u00bbmo_barbacow_platillo1&#8243; sticky_enabled=\u00bb0&#8243; background_color=\u00bbRGBA(255,255,255,0)\u00bb background_enable_color=\u00bbon\u00bb][\/et_pb_slide][et_pb_slide _builder_version=\u00bb4.27.4&#8243; _module_preset=\u00bbdefault\u00bb background_image=\u00bbhttps:\/\/xn--cabaassancarlos-1qb.com\/ITG\/wp-content\/uploads\/2026\/01\/mo_barbacow_platillo2.webp\u00bb background_enable_image=\u00bbon\u00bb hover_enabled=\u00bb0&#8243; global_colors_info=\u00bb{}\u00bb sticky_transition=\u00bbon\u00bb locked=\u00bboff\u00bb title_text=\u00bbmo_barbacow_platillo2&#8243; sticky_enabled=\u00bb0&#8243; background_color=\u00bbRGBA(255,255,255,0)\u00bb background_enable_color=\u00bbon\u00bb][\/et_pb_slide][et_pb_slide _builder_version=\u00bb4.27.4&#8243; _module_preset=\u00bbdefault\u00bb background_image=\u00bbhttps:\/\/xn--cabaassancarlos-1qb.com\/ITG\/wp-content\/uploads\/2026\/01\/mo_barbacow_platillo3.webp\u00bb background_enable_image=\u00bbon\u00bb hover_enabled=\u00bb0&#8243; global_colors_info=\u00bb{}\u00bb sticky_transition=\u00bbon\u00bb locked=\u00bboff\u00bb title_text=\u00bbmo_barbacow_platillo3&#8243; sticky_enabled=\u00bb0&#8243; background_color=\u00bbRGBA(255,255,255,0)\u00bb background_enable_color=\u00bbon\u00bb][\/et_pb_slide][et_pb_slide _builder_version=\u00bb4.27.4&#8243; _module_preset=\u00bbdefault\u00bb background_image=\u00bbhttps:\/\/xn--cabaassancarlos-1qb.com\/ITG\/wp-content\/uploads\/2026\/01\/mo_barbacow_platillo4.webp\u00bb background_enable_image=\u00bbon\u00bb hover_enabled=\u00bb0&#8243; global_colors_info=\u00bb{}\u00bb sticky_transition=\u00bbon\u00bb locked=\u00bboff\u00bb title_text=\u00bbmo_barbacow_platillo4&#8243; sticky_enabled=\u00bb0&#8243; background_color=\u00bbRGBA(255,255,255,0)\u00bb background_enable_color=\u00bbon\u00bb][\/et_pb_slide][et_pb_slide _builder_version=\u00bb4.27.4&#8243; _module_preset=\u00bbdefault\u00bb background_image=\u00bbhttps:\/\/xn--cabaassancarlos-1qb.com\/ITG\/wp-content\/uploads\/2026\/01\/mo_barbacow_platillo6.webp\u00bb background_enable_image=\u00bbon\u00bb hover_enabled=\u00bb0&#8243; global_colors_info=\u00bb{}\u00bb sticky_transition=\u00bbon\u00bb locked=\u00bboff\u00bb title_text=\u00bbmo_barbacow_platillo6&#8243; sticky_enabled=\u00bb0&#8243; background_color=\u00bbRGBA(255,255,255,0)\u00bb background_enable_color=\u00bbon\u00bb][\/et_pb_slide][\/et_pb_slider][\/et_pb_column][\/et_pb_row][\/et_pb_section][et_pb_section fb_built=\u00bb1&#8243; _builder_version=\u00bb4.27.4&#8243; _module_preset=\u00bbdefault\u00bb custom_padding=\u00bb26px|||||\u00bb hover_enabled=\u00bb0&#8243; global_colors_info=\u00bb{}\u00bb background_enable_color=\u00bboff\u00bb sticky_enabled=\u00bb0&#8243; custom_margin=\u00bb||318px|||\u00bb][et_pb_row _builder_version=\u00bb4.27.4&#8243; _module_preset=\u00bbdefault\u00bb custom_padding=\u00bb0px|||||\u00bb hover_enabled=\u00bb0&#8243; global_colors_info=\u00bb{}\u00bb sticky_enabled=\u00bb0&#8243;][et_pb_column type=\u00bb4_4&#8243; _builder_version=\u00bb4.27.4&#8243; _module_preset=\u00bbdefault\u00bb global_colors_info=\u00bb{}\u00bb][et_pb_heading title=\u00bbUbicaci\u00f3n Mo Barbacow\u00bb _builder_version=\u00bb4.27.4&#8243; _module_preset=\u00bbdefault\u00bb title_font=\u00bb&#8211;et_global_body_font||||||||\u00bb title_text_align=\u00bbcenter\u00bb title_text_color=\u00bb#424242&#8243; title_font_size=\u00bb33px\u00bb custom_padding=\u00bb||0px|||\u00bb hover_enabled=\u00bb0&#8243; global_colors_info=\u00bb{}\u00bb sticky_enabled=\u00bb0&#8243;][\/et_pb_heading][\/et_pb_column][\/et_pb_row][et_pb_row _builder_version=\u00bb4.27.4&#8243; _module_preset=\u00bbdefault\u00bb custom_padding=\u00bb0px|||||\u00bb hover_enabled=\u00bb0&#8243; global_colors_info=\u00bb{}\u00bb sticky_enabled=\u00bb0&#8243; width=\u00bb69%\u00bb][et_pb_column type=\u00bb4_4&#8243; _builder_version=\u00bb4.27.4&#8243; _module_preset=\u00bbdefault\u00bb global_colors_info=\u00bb{}\u00bb][et_pb_code _builder_version=\u00bb4.27.4&#8243; _module_preset=\u00bbdefault\u00bb hover_enabled=\u00bb0&#8243; sticky_enabled=\u00bb0&#8243; custom_padding=\u00bb|3px||||\u00bb width=\u00bb100%\u00bb transform_origin=\u00bb150%|50%\u00bb custom_margin=\u00bb||-363px|||\u00bb]<iframe src=\"https:\/\/www.google.com\/maps\/embed?pb=!1m18!1m12!1m3!1d3711.690296133268!2d-104.9217134240578!3d21.51984757072914!2m3!1f0!2f0!3f0!3m2!1i1024!2i768!4f13.1!3m3!1m2!1s0x84273666e454733d%3A0x54888709b42d6df8!2sDe%20Los%20Insurgentes%20Pte.%201000%2C%20Las%20Brisas%20Rodeo%20de%20la%20Punta%2C%2063110%20Tepic%2C%20Nay.!5e0!3m2!1ses-419!2smx!4v1768949225004!5m2!1ses-419!2smx\" width=\"800\" height=\"600\" style=\"border:0;\" allowfullscreen=\"\" loading=\"lazy\" referrerpolicy=\"no-referrer-when-downgrade\"><\/iframe>[\/et_pb_code][\/et_pb_column][\/et_pb_row][\/et_pb_section][et_pb_section fb_built=\u00bb1&#8243; admin_label=\u00bbSan_Carlos_Paintball\u00bb _builder_version=\u00bb4.27.4&#8243; _module_preset=\u00bbdefault\u00bb background_color=\u00bb#6b8964&#8243; global_colors_info=\u00bb{}\u00bb][et_pb_row module_id=\u00bbpaintball\u00bb _builder_version=\u00bb4.27.4&#8243; _module_preset=\u00bbdefault\u00bb global_colors_info=\u00bb{}\u00bb][et_pb_column type=\u00bb4_4&#8243; _builder_version=\u00bb4.27.4&#8243; _module_preset=\u00bbdefault\u00bb global_colors_info=\u00bb{}\u00bb][et_pb_heading title=\u00bbSan Carlos Paintball by KM X\u00bb _builder_version=\u00bb4.27.4&#8243; _module_preset=\u00bbdefault\u00bb title_font=\u00bb&#8211;et_global_body_font||||||||\u00bb title_text_color=\u00bb#ffffff\u00bb title_font_size=\u00bb44px\u00bb global_colors_info=\u00bb{}\u00bb][\/et_pb_heading][\/et_pb_column][\/et_pb_row][et_pb_row column_structure=\u00bb2_5,3_5&#8243; _builder_version=\u00bb4.27.4&#8243; _module_preset=\u00bbdefault\u00bb global_colors_info=\u00bb{}\u00bb][et_pb_column type=\u00bb2_5&#8243; _builder_version=\u00bb4.27.4&#8243; _module_preset=\u00bbdefault\u00bb global_colors_info=\u00bb{}\u00bb][et_pb_text _builder_version=\u00bb4.27.4&#8243; _module_preset=\u00bbdefault\u00bb text_text_color=\u00bb#ffffff\u00bb text_font_size=\u00bb21px\u00bb custom_padding=\u00bb|2px||||\u00bb global_colors_info=\u00bb{}\u00bb]<\/p>\n<p class=\"p1\">\u00a1Vive la adrenalina en medio del bosque!<\/p>\n<p class=\"p2\">\n<p class=\"p1\">En <span class=\"s1\"><b>Caba\u00f1as San Carlos<\/b><\/span>, la aventura no termina con la naturaleza. Gracias a nuestra alianza con <span class=\"s1\"><b>KM X<\/b><\/span>, ahora puedes disfrutar de una experiencia de <i>paintball<\/i> \u00fanica en la regi\u00f3n. Nuestro campo est\u00e1 inmerso entre \u00e1rboles y senderos naturales, ideal para jugar en equipo, liberar estr\u00e9s o simplemente divertirte como nunca.<\/p>\n<p class=\"p1\">\n<p class=\"p1\">Contamos con:<span class=\"s2\"><\/span><\/p>\n<ul>\n<li>\n<p class=\"p1\">Campo totalmente ambientado para juegos din\u00e1micos<\/p>\n<\/li>\n<li>\n<p class=\"p1\">Equipamiento completo incluido (marcadora, careta, chaleco)<\/p>\n<\/li>\n<li>\n<p class=\"p1\">Diferentes modos de juego para grupos grandes y peque\u00f1os<\/p>\n<\/li>\n<li>\n<p class=\"p1\">Instrucciones de seguridad y gu\u00eda antes de cada partida<\/p>\n<\/li>\n<\/ul>\n<p class=\"p1\">Perfecto para celebraciones, grupos de amigos, empresas o familias aventureras.<\/p>\n<p>[\/et_pb_text][\/et_pb_column][et_pb_column type=\u00bb3_5&#8243; _builder_version=\u00bb4.27.4&#8243; _module_preset=\u00bbdefault\u00bb global_colors_info=\u00bb{}\u00bb][et_pb_slider _builder_version=\u00bb4.27.4&#8243; _module_preset=\u00bbdefault\u00bb height=\u00bb438px\u00bb global_colors_info=\u00bb{}\u00bb][et_pb_slide _builder_version=\u00bb4.27.4&#8243; _module_preset=\u00bbdefault\u00bb background_image=\u00bbhttps:\/\/xn--cabaassancarlos-1qb.com\/ITG\/wp-content\/uploads\/2025\/05\/IMG_2398.jpg\u00bb background_enable_image=\u00bbon\u00bb global_colors_info=\u00bb{}\u00bb sticky_transition=\u00bbon\u00bb][\/et_pb_slide][et_pb_slide _builder_version=\u00bb4.27.4&#8243; _module_preset=\u00bbdefault\u00bb background_image=\u00bbhttps:\/\/xn--cabaassancarlos-1qb.com\/ITG\/wp-content\/uploads\/2025\/05\/IMG_3694.jpg\u00bb background_enable_image=\u00bbon\u00bb background_position=\u00bbtop_left\u00bb global_colors_info=\u00bb{}\u00bb sticky_transition=\u00bbon\u00bb][\/et_pb_slide][et_pb_slide _builder_version=\u00bb4.27.4&#8243; _module_preset=\u00bbdefault\u00bb background_image=\u00bbhttps:\/\/xn--cabaassancarlos-1qb.com\/ITG\/wp-content\/uploads\/2025\/05\/IMG_3695.jpg\u00bb background_enable_image=\u00bbon\u00bb background_position=\u00bbtop_center\u00bb global_colors_info=\u00bb{}\u00bb sticky_transition=\u00bbon\u00bb][\/et_pb_slide][et_pb_slide _builder_version=\u00bb4.27.4&#8243; _module_preset=\u00bbdefault\u00bb background_image=\u00bbhttps:\/\/xn--cabaassancarlos-1qb.com\/ITG\/wp-content\/uploads\/2025\/05\/IMG_3696.jpg\u00bb background_enable_image=\u00bbon\u00bb global_colors_info=\u00bb{}\u00bb sticky_transition=\u00bbon\u00bb][\/et_pb_slide][et_pb_slide _builder_version=\u00bb4.27.4&#8243; _module_preset=\u00bbdefault\u00bb background_image=\u00bbhttps:\/\/xn--cabaassancarlos-1qb.com\/ITG\/wp-content\/uploads\/2025\/05\/IMG_3697.jpg\u00bb background_enable_image=\u00bbon\u00bb global_colors_info=\u00bb{}\u00bb sticky_transition=\u00bbon\u00bb][\/et_pb_slide][et_pb_slide _builder_version=\u00bb4.27.4&#8243; _module_preset=\u00bbdefault\u00bb background_image=\u00bbhttps:\/\/xn--cabaassancarlos-1qb.com\/ITG\/wp-content\/uploads\/2025\/05\/IMG_3699.jpg\u00bb background_enable_image=\u00bbon\u00bb global_colors_info=\u00bb{}\u00bb sticky_transition=\u00bbon\u00bb][\/et_pb_slide][\/et_pb_slider][\/et_pb_column][\/et_pb_row][\/et_pb_section][et_pb_section fb_built=\u00bb1&#8243; admin_label=\u00bbCall to Action\u00bb _builder_version=\u00bb4.27.4&#8243; _module_preset=\u00bbdefault\u00bb background_color=\u00bb#314259&#8243; locked=\u00bboff\u00bb collapsed=\u00bbon\u00bb global_colors_info=\u00bb{}\u00bb][et_pb_row _builder_version=\u00bb4.17.6&#8243; _module_preset=\u00bbdefault\u00bb max_width=\u00bb860px\u00bb global_colors_info=\u00bb{}\u00bb][et_pb_column type=\u00bb4_4&#8243; _builder_version=\u00bb4.17.6&#8243; _module_preset=\u00bbdefault\u00bb global_colors_info=\u00bb{}\u00bb][et_pb_text _builder_version=\u00bb4.17.6&#8243; _module_preset=\u00bbe6504a1b-67eb-4b3d-b023-bcab277610b6&#8243; header_4_font=\u00bbManrope|700||on|||||\u00bb header_4_text_color=\u00bb#FFFFFF\u00bb header_4_font_size=\u00bb14px\u00bb header_4_letter_spacing=\u00bb1px\u00bb header_4_line_height=\u00bb1.4em\u00bb text_orientation=\u00bbcenter\u00bb custom_margin=\u00bb||0px||false|false\u00bb global_colors_info=\u00bb{}\u00bb]<\/p>\n<h4>caba\u00f1as san carlos tepic, Nayarit<\/h4>\n<p>[\/et_pb_text][et_pb_text _builder_version=\u00bb4.17.6&#8243; _module_preset=\u00bbb327cbe4-b1d5-4b66-ad37-40c8f2f061ba\u00bb header_2_font=\u00bbManrope|700|||||||\u00bb header_2_text_color=\u00bb#FFFFFF\u00bb header_2_font_size=\u00bb48px\u00bb header_2_line_height=\u00bb1.2em\u00bb text_orientation=\u00bbcenter\u00bb header_2_font_size_tablet=\u00bb32px\u00bb header_2_font_size_phone=\u00bb20px\u00bb header_2_font_size_last_edited=\u00bbon|desktop\u00bb global_colors_info=\u00bb{}\u00bb]<\/p>\n<h2>Reserva ahora y disfruta de la naturaleza a minutos de la ciudad.<\/h2>\n<p>[\/et_pb_text][et_pb_button button_text=\u00bbReservar\u00bb button_alignment=\u00bbcenter\u00bb _builder_version=\u00bb4.27.4&#8243; _module_preset=\u00bbf489fdc3-bf1e-40c7-852b-c42851d4acb9&#8243; custom_button=\u00bbon\u00bb button_text_size=\u00bb14px\u00bb button_text_color=\u00bb#000000&#8243; button_bg_color=\u00bb#FFFFFF\u00bb button_border_width=\u00bb0px\u00bb button_border_radius=\u00bb0px\u00bb button_font=\u00bbInter|700||on|||||\u00bb custom_padding=\u00bb16px|24px|16px|24px|true|true\u00bb global_colors_info=\u00bb{}\u00bb][\/et_pb_button][\/et_pb_column][\/et_pb_row][\/et_pb_section]<\/p>\n","protected":false},"excerpt":{"rendered":"<p>Nuestras Caba\u00f1asEn Caba\u00f1as San Carlos, cada una de nuestras dos caba\u00f1as ha sido dise\u00f1ada para ofrecer comodidad, funcionalidad y un ambiente acogedor rodeado de naturaleza. Ambas cuentan con los mismos espacios y mobiliario, diferenci\u00e1ndose \u00fanicamente por la vista: la Caba\u00f1a 1 ofrece una vista verde natural, mientras que la Caba\u00f1a 2 brinda una espectacular vista [&hellip;]<\/p>\n","protected":false},"author":1,"featured_media":0,"parent":0,"menu_order":0,"comment_status":"closed","ping_status":"closed","template":"","meta":{"_et_pb_use_builder":"on","_et_pb_old_content":"","_et_gb_content_width":"","footnotes":""},"class_list":["post-136","page","type-page","status-publish","hentry"],"_links":{"self":[{"href":"https:\/\/xn--cabaassancarlos-1qb.com\/ITG\/wp-json\/wp\/v2\/pages\/136","targetHints":{"allow":["GET"]}}],"collection":[{"href":"https:\/\/xn--cabaassancarlos-1qb.com\/ITG\/wp-json\/wp\/v2\/pages"}],"about":[{"href":"https:\/\/xn--cabaassancarlos-1qb.com\/ITG\/wp-json\/wp\/v2\/types\/page"}],"author":[{"embeddable":true,"href":"https:\/\/xn--cabaassancarlos-1qb.com\/ITG\/wp-json\/wp\/v2\/users\/1"}],"replies":[{"embeddable":true,"href":"https:\/\/xn--cabaassancarlos-1qb.com\/ITG\/wp-json\/wp\/v2\/comments?post=136"}],"version-history":[{"count":37,"href":"https:\/\/xn--cabaassancarlos-1qb.com\/ITG\/wp-json\/wp\/v2\/pages\/136\/revisions"}],"predecessor-version":[{"id":455,"href":"https:\/\/xn--cabaassancarlos-1qb.com\/ITG\/wp-json\/wp\/v2\/pages\/136\/revisions\/455"}],"wp:attachment":[{"href":"https:\/\/xn--cabaassancarlos-1qb.com\/ITG\/wp-json\/wp\/v2\/media?parent=136"}],"curies":[{"name":"wp","href":"https:\/\/api.w.org\/{rel}","templated":true}]}}